{"id":520,"date":"2023-05-05T14:35:09","date_gmt":"2023-05-05T12:35:09","guid":{"rendered":"https:\/\/tic.visitpasvalys.lt\/?post_type=renginiai&#038;p=520"},"modified":"2023-05-05T14:49:24","modified_gmt":"2023-05-05T12:49:24","slug":"pilietiskumo-zaidynes-pasvalyje","status":"publish","type":"renginiai","link":"https:\/\/tic.visitpasvalys.lt\/en\/renginiai\/pilietiskumo-zaidynes-pasvalyje\/","title":{"rendered":"Pilieti\u0161kumo \u017eaidyn\u0117s Pasvalyje"},"content":{"rendered":"\n<p><strong>Pilietinio pasiprie\u0161inimo dienos i\u0161vakar\u0117se \u2013 \u012f Pilieti\u0161kumo \u017eaidynes Pasvalyje!<\/strong><\/p>\n\n\n\n<p><strong>Gegu\u017e\u0117s 13 d. Pasvalio Kult\u016bros ir poilsio parke vyks PILIETI\u0160KUMO \u017dAIDYN\u0116S<\/strong>, kuri\u0173 tikslas \u2013 ugdyti reaguoti pasiruo\u0161usius bendruomen\u0117s narius bei suteikti speciali\u0173j\u0173 \u017eini\u0173 ir geb\u0117jim\u0173 kaip der\u0117t\u0173 veikti ekstremali\u0173 situacij\u0173 metu. \u017daidyn\u0117se komandos tur\u0117s \u012fveikti kari\u0161ki\u0173, policijos, pasienie\u010di\u0173, greitosios medicinos pagalbos ir ugniagesi\u0173, civilin\u0117s saugos ekspert\u0173 bei kit\u0173 spec. institucij\u0173 parengtas praktines u\u017eduotis.<\/p>\n\n\n\n<p>Visi norintys dalyvauti Pilieti\u0161kumo \u017eaidyn\u0117se, kvie\u010diami suburti komand\u0105 (ne daugiau 6 asmen\u0173) ir pasiruo\u0161ti netik\u0117tiems i\u0161\u0161\u016bkiams!<\/p>\n\n\n\n<p><strong>Komanda, geriausiai ir grei\u010diausiai atlikusi vis\u0173 tarnyb\u0173 u\u017eduotis, LAIM\u0116S SKRYD\u012e ORO BALIONU, 2-osios vietos laim\u0117tojai&nbsp; \u2013 skryd\u012f l\u0117ktuvu vir\u0161 Panev\u0117\u017eio, o 3-osios vietos \u2013 6 bilietus \u012f virtualios realyb\u0117s film\u0105 \u201eAngel\u0173 takais\u201c M.K. \u010ciurlionio paveiksl\u0173 motyvais.<\/strong><\/p>\n\n\n\n<p>Pilieti\u0161kumo \u017eaidyn\u0117se dalyvaus Lietuvos kariuomen\u0117s, Lietuvos \u0161auli\u0173 s\u0105jungos, Gen. J. \u017demai\u010dio Lietuvos karo akademijos, Panev\u0117\u017eio miesto Greitosios medicinos pagalbos stoties, Prie\u0161gaisrin\u0117s apsaugos ir gelb\u0117jimo departamento, Policijos departamento, Generolo Povilo Plechavi\u010diaus kadet\u0173 lic\u0117jaus ir kit\u0173 organizacij\u0173 atstovai. Visos tarnybos ruo\u0161ia u\u017eduotis, kurios b\u016bt\u0173 \u012fdomios ne tik dalyviams, bet ir \u017ei\u016brovams, tad ir dalyvaujantieji, ir pasi\u017evalgyti at\u0117j\u0119 i\u0161moksite k\u0105 nors naujo ir gal\u0117site tai pritaikyti realiame gyvenime.<\/p>\n\n\n\n<p>Itali\u0161kos virtuv\u0117s \u0161efas&nbsp;<em>Gian Luca Demarco<\/em>&nbsp;vai\u0161ins itali\u0161ku&nbsp;<em>risotto<\/em>, paruo\u0161tu kariuomen\u0117s lauko virtuv\u0117je, gros Vidaus reikal\u0173 ministerijos Reprezentacinis pu\u010diam\u0173j\u0173 orkestras, Va\u0161k\u0173 jaunimo muzikos grup\u0117 \u201eFour men\u201c, Alfonso Smetonos 5-osios rinktin\u0117s \u0161auli\u0173 vyr\u0173 ansamblis \u201eAuk\u0161taitis\u201c.<\/p>\n\n\n\n<p>\u017daidyni\u0173 metu lankytojai ir dalyviai gal\u0117s ap\u017ei\u016br\u0117ti kilnojam\u0105 fotodokumentin\u0119 parod\u0105 \u201eKOMUNIZMAS=RA\u0160IZMAS\u201c.<\/p>\n\n\n\n<p><strong>SUBURKITE SAVO KOMAND\u0104, DALYVAUKITE ir LAIM\u0116KITE SKRYD\u012e ORO BALIONU!<\/strong>&nbsp;<br>(prizo vert\u0117 750 eur!)<\/p>\n\n\n\n<p><strong>Programa:<\/strong><\/p>\n\n\n\n<p><strong>13.00 val. \u2013&nbsp;<\/strong>Renginio atidarymas. Sveikinimo \u017eodis. Groja Vidaus reikal\u0173 ministerijos Reprezentacinis pu\u010diam\u0173j\u0173 orkestras.<\/p>\n\n\n\n<p><strong>13.30 \u2013 16.00<\/strong>&nbsp;val.&nbsp;<strong>\u2013&nbsp;<\/strong>Komand\u0173 registracijos prad\u017eia, u\u017eduo\u010di\u0173 atlikimas.<\/p>\n\n\n\n<p><strong>13.30 val. \u2013&nbsp;<\/strong>Diskusija \u201ePilietinis pasiprie\u0161inimas ir mobilizacija. Ar esame pasireng\u0119?\u201c ir fotodokumentin\u0117s parodos \u201eKOMUNIZMAS=RA\u0160IZMAS\u201c lankymas.<\/p>\n\n\n\n<p><strong>16.15 val.<\/strong>&nbsp;<strong>\u2013&nbsp;&nbsp;<\/strong>Nugal\u0117toj\u0173 paskelbimas.<\/p>\n\n\n\n<p><strong>16.20<\/strong>&nbsp;<strong>\u2013 17.00<\/strong>&nbsp;val.&nbsp;<strong>\u2013&nbsp;<\/strong>Vidaus reikal\u0173 ministerijos Reprezentacinis pu\u010diam\u0173j\u0173 orkestro (vad. E. Anskaitis), Alfonso Smetonos 5-osios rinktin\u0117s \u0161auli\u0173 vyr\u0173 ansamblio \u201eAuk\u0161taitis\u201c (vad. P. Luomanas) ir Va\u0161k\u0173 jaunimo muzikos grup\u0117s \u201eFour men\u201c koncertas.<\/p>\n\n\n\n<p><strong>17.00 \u2013 17.30<\/strong>&nbsp;val.&nbsp;<strong>\u2013&nbsp;<\/strong>\u017daidyni\u0173 nugal\u0117toj\u0173 apdovanojimas.<\/p>\n","protected":false},"excerpt":{"rendered":"<p>Pilietinio pasiprie\u0161inimo dienos i\u0161vakar\u0117se \u2013 \u012f Pilieti\u0161kumo \u017eaidynes Pasvalyje! Gegu\u017e\u0117s 13 d. Pasvalio Kult\u016bros ir poilsio parke vyks PILIETI\u0160KUMO \u017dAIDYN\u0116S, kuri\u0173 tikslas \u2013 ugdyti reaguoti pasiruo\u0161usius bendruomen\u0117s narius bei suteikti speciali\u0173j\u0173 \u017eini\u0173 ir geb\u0117jim\u0173 kaip der\u0117t\u0173 veikti ekstremali\u0173 situacij\u0173 metu. \u017daidyn\u0117se komandos tur\u0117s \u012fveikti kari\u0161ki\u0173, policijos, pasienie\u010di\u0173, greitosios medicinos pagalbos ir ugniagesi\u0173, civilin\u0117s saugos ekspert\u0173 bei kit\u0173 spec. institucij\u0173 parengtas praktines u\u017eduotis. Visi norintys dalyvauti Pilieti\u0161kumo \u017eaidyn\u0117se, kvie\u010diami suburti komand\u0105 (ne daugiau 6 asmen\u0173) ir pasiruo\u0161ti netik\u0117tiems i\u0161\u0161\u016bkiams! Komanda, geriausiai ir grei\u010diausiai atlikusi vis\u0173 tarnyb\u0173 u\u017eduotis, LAIM\u0116S SKRYD\u012e ORO BALIONU, 2-osios vietos laim\u0117tojai&nbsp; \u2013 skryd\u012f l\u0117ktuvu vir\u0161 Panev\u0117\u017eio, o 3-osios&#8230;<\/p>\n","protected":false},"featured_media":521,"template":"","meta":[],"renginiai-kategorija":[],"translation":{"provider":"WPGlobus","version":"2.10.7","language":"en","enabled_languages":["lt","en"],"languages":{"lt":{"title":true,"content":true,"excerpt":false},"en":{"title":false,"content":false,"excerpt":false}}},"_links":{"self":[{"href":"https:\/\/tic.visitpasvalys.lt\/en\/wp-json\/wp\/v2\/renginiai\/520"}],"collection":[{"href":"https:\/\/tic.visitpasvalys.lt\/en\/wp-json\/wp\/v2\/renginiai"}],"about":[{"href":"https:\/\/tic.visitpasvalys.lt\/en\/wp-json\/wp\/v2\/types\/renginiai"}],"version-history":[{"count":2,"href":"https:\/\/tic.visitpasvalys.lt\/en\/wp-json\/wp\/v2\/renginiai\/520\/revisions"}],"predecessor-version":[{"id":523,"href":"https:\/\/tic.visitpasvalys.lt\/en\/wp-json\/wp\/v2\/renginiai\/520\/revisions\/523"}],"wp:featuredmedia":[{"embeddable":true,"href":"https:\/\/tic.visitpasvalys.lt\/en\/wp-json\/wp\/v2\/media\/521"}],"wp:attachment":[{"href":"https:\/\/tic.visitpasvalys.lt\/en\/wp-json\/wp\/v2\/media?parent=520"}],"wp:term":[{"taxonomy":"renginiai-kategorija","embeddable":true,"href":"https:\/\/tic.visitpasvalys.lt\/en\/wp-json\/wp\/v2\/renginiai-kategorija?post=520"}],"curies":[{"name":"wp","href":"https:\/\/api.w.org\/{rel}","templated":true}]}}