{"id":1629,"date":"2024-11-21T23:08:47","date_gmt":"2024-11-21T21:08:47","guid":{"rendered":"https:\/\/tic.visitpasvalys.lt\/?post_type=naujienos&#038;p=1629"},"modified":"2024-11-21T23:08:47","modified_gmt":"2024-11-21T21:08:47","slug":"ziemos-pasaka-kaimelyje-minis","status":"publish","type":"naujienos","link":"https:\/\/tic.visitpasvalys.lt\/en\/naujienos\/ziemos-pasaka-kaimelyje-minis\/","title":{"rendered":"\u017diemos pasaka kaimelyje \u201eMinis\u201c"},"content":{"rendered":"\n<p>Minis &#8211; tai tautodailinink\u0117s Agn\u0117s Trik\u0161ien\u0117s kurtas ma\u017eas lietuvi\u0161kas kaimelis, tarsi magi\u0161kas mini pasaulis. \u0160iame miniati\u016briniame kaimelyje gyvena \u017emon\u0117s, gyv\u016bn\u0117liai, auga augalai, yra ba\u017eny\u010dia, knygynas, vaistin\u0117, mal\u016bnas&#8230; Skamba ne\u012ftik\u0117tinai ar ne?<\/p>\n\n\n\n<p>Autor\u0119 kurti \u012f rankas telpan\u010dius (1:12 mastelio), 1900\u20131960 m. stilistikos namelius \u012fkv\u0117p\u0117 i\u0161likusios senosios fotografijos, jos t\u0117v\u0173 ir seneli\u0173 pasakojimai apie kadaise gyventus vienkiemius, medines trobas.<\/p>\n\n\n\n<p>Daugiau apie \u0161io <a><\/a>mini etnografinio kaimelio k\u016brimo ypatumus su\u017einosite lapkri\u010dio 27 d. (tre\u010diadien\u012f), 12 val. atvyk\u0119 \u012f parodos pristatym\u0105 ir susitikim\u0105 su \u0161i\u0173 i\u0161skirtini\u0173 darb\u0173 k\u016br\u0117ja, tautodailininke Agne Trik\u0161iene.<\/p>\n\n\n\n<p>\u017diemos pasaka pusnyse paskendusiame mini kaimelyje \u201eMinis\u201c u\u017eburs tiek ma\u017euosius, tiek vyresniuosius lankytojus. <img decoding=\"async\" loading=\"lazy\" height=\"16\" width=\"16\" alt=\"\u2728\" src=\"https:\/\/static.xx.fbcdn.net\/images\/emoji.php\/v9\/tf4\/1\/16\/2728.png\"><\/p>\n\n\n\n<p>Paroda veiks nuo 2024 m. lapkri\u010dio 27 d. iki 2025 m. sausio 17 d.<\/p>\n","protected":false},"excerpt":{"rendered":"<p>Minis &#8211; tai tautodailinink\u0117s Agn\u0117s Trik\u0161ien\u0117s kurtas ma\u017eas lietuvi\u0161kas kaimelis, tarsi magi\u0161kas mini pasaulis. \u0160iame miniati\u016briniame kaimelyje gyvena \u017emon\u0117s, gyv\u016bn\u0117liai, auga augalai, yra ba\u017eny\u010dia, knygynas, vaistin\u0117, mal\u016bnas&#8230; Skamba ne\u012ftik\u0117tinai ar ne? Autor\u0119 kurti \u012f rankas telpan\u010dius (1:12 mastelio), 1900\u20131960 m. stilistikos namelius \u012fkv\u0117p\u0117 i\u0161likusios senosios fotografijos, jos t\u0117v\u0173 ir seneli\u0173 pasakojimai apie kadaise gyventus vienkiemius, medines trobas. Daugiau apie \u0161io mini etnografinio kaimelio k\u016brimo ypatumus su\u017einosite lapkri\u010dio 27 d. (tre\u010diadien\u012f), 12 val. atvyk\u0119 \u012f parodos pristatym\u0105 ir susitikim\u0105 su \u0161i\u0173 i\u0161skirtini\u0173 darb\u0173 k\u016br\u0117ja, tautodailininke Agne Trik\u0161iene. \u017diemos pasaka pusnyse paskendusiame mini kaimelyje \u201eMinis\u201c u\u017eburs tiek ma\u017euosius, tiek vyresniuosius lankytojus. Paroda&#8230;<\/p>\n","protected":false},"featured_media":1597,"template":"","meta":[],"naujienos-kategorija":[],"translation":{"provider":"WPGlobus","version":"2.10.7","language":"en","enabled_languages":["lt","en"],"languages":{"lt":{"title":true,"content":true,"excerpt":false},"en":{"title":false,"content":false,"excerpt":false}}},"_links":{"self":[{"href":"https:\/\/tic.visitpasvalys.lt\/en\/wp-json\/wp\/v2\/naujienos\/1629"}],"collection":[{"href":"https:\/\/tic.visitpasvalys.lt\/en\/wp-json\/wp\/v2\/naujienos"}],"about":[{"href":"https:\/\/tic.visitpasvalys.lt\/en\/wp-json\/wp\/v2\/types\/naujienos"}],"version-history":[{"count":1,"href":"https:\/\/tic.visitpasvalys.lt\/en\/wp-json\/wp\/v2\/naujienos\/1629\/revisions"}],"predecessor-version":[{"id":1630,"href":"https:\/\/tic.visitpasvalys.lt\/en\/wp-json\/wp\/v2\/naujienos\/1629\/revisions\/1630"}],"wp:featuredmedia":[{"embeddable":true,"href":"https:\/\/tic.visitpasvalys.lt\/en\/wp-json\/wp\/v2\/media\/1597"}],"wp:attachment":[{"href":"https:\/\/tic.visitpasvalys.lt\/en\/wp-json\/wp\/v2\/media?parent=1629"}],"wp:term":[{"taxonomy":"naujienos-kategorija","embeddable":true,"href":"https:\/\/tic.visitpasvalys.lt\/en\/wp-json\/wp\/v2\/naujienos-kategorija?post=1629"}],"curies":[{"name":"wp","href":"https:\/\/api.w.org\/{rel}","templated":true}]}}