{"id":1424,"date":"2024-08-28T14:23:38","date_gmt":"2024-08-28T12:23:38","guid":{"rendered":"https:\/\/tic.visitpasvalys.lt\/?post_type=naujienos&#038;p=1424"},"modified":"2024-08-28T14:23:38","modified_gmt":"2024-08-28T12:23:38","slug":"silciausias-festivalis-vilnones-dienos-kvies-atvykti-i-siaures-lietuva","status":"publish","type":"naujienos","link":"https:\/\/tic.visitpasvalys.lt\/en\/naujienos\/silciausias-festivalis-vilnones-dienos-kvies-atvykti-i-siaures-lietuva\/","title":{"rendered":"\u0160il\u010diausias festivalis \u201eVilnon\u0117s dienos\u201c kvies atvykti \u012f \u0160iaur\u0117s Lietuv\u0105"},"content":{"rendered":"\n<p>Rugpj\u016b\u010dio 31 \u2013 rugs\u0117jo 1 d., Pasvalio rajone, Rauboni\u0173 kaime, prie kult\u016bros paveldo objekto vandens mal\u016bno su viln\u0173 kar\u0161ykla-verpykla, organizuojamas devintasis tarptautinis amat\u0173 ir meno festivalis \u201eVilnon\u0117s dienos\u201c.<\/p>\n\n\n\n<p>Jo metu didelis d\u0117mesys skiriamas tradicinei kult\u016brai, amatams ir papro\u010diams. Tai ne tik festivalis, bet ir mokymosi bei pa\u017einimo galimyb\u0117, leid\u017eianti v\u0117l pajusti savast\u012f, savo \u0161aknis<\/p>\n\n\n\n<p>\u201eFestivalis organizuojamas devint\u0105j\u012f kart\u0105, tad siekiama ne tik puosel\u0117ti vietos tradicijas, skatinti rajono ir regiono gyventoj\u0173 dom\u0117jim\u0105si kra\u0161to istorija ir papro\u010diais, bet ir kasmet \u012fne\u0161ti k\u0105 nors naujo, \u012fdomaus. \u0160iemet festivalis skirtas \u0160imtme\u010dio Dain\u0173 \u0161vent\u0117s nuotaik\u0105 perkelti \u012f Raubonis, ir visiems kartu patirti t\u0105 nuostab\u0173 bendryst\u0117s, vienyb\u0117s ir pasidid\u017eiavimo jausm\u0105. Pasuksime istorijos rat\u0105, kai 1924 metais mal\u016bno valdytojas Jonas Ribb\u0117, dideli\u0173 pastang\u0173 d\u0117ka, Kaune gavo dokument\u0105, leid\u017eiant\u012f vykdyti mal\u016bno veikl\u0105. Patenkintas kelion\u0117s rezultatais, kupinas pirmosios Dain\u0173 \u0161vent\u0117s \u012fsp\u016bd\u017ei\u0173, gr\u012f\u017e\u0119s namo jis<br>surengia \u0161vent\u0119. Prie mal\u016bno dvi dienas vyraus tarpukario nuotaika: skamb\u0117s tradicin\u0117 muzika, vyks amat\u0173 dirbtuv\u0117s, edukacijos, \u012fvair\u016bs pasirodymai, tad kiekvienas \u010dia ras veiklos\u201c, \u2013 sako projekto reng\u0117ja ir festivalio organizator\u0117 Gra\u017eina Pa\u0161kevi\u010dien\u0117.<\/p>\n\n\n\n<p>\u201e\u0160vent\u0117s metu vyks tradiciniu tap\u0119s \u0161lepe\u010di\u0173 v\u0117limo \u010dempionatas, bus galima paragauti auk\u0161taiti\u0161ko kulinarinio paveldo, abi dienas veiks pir\u010di\u0173 erdv\u0117, kurioje \u0161eimininkaus pirtininkai i\u0161 Latvijos, mal\u016bno patalpose vyks \u012fvairios parodos\u201c, \u2013 pasakoja festivalio reng\u0117ja Gintar\u0117 Gikien\u0117.<\/p>\n\n\n\n<p>Festival\u012f simboli\u0161kai prad\u0117s Pasvalio mi\u0161rus choras \u201eCanticum novum\u201c. Sulauksime sve\u010di\u0173 i\u0161 Australijos ir Latvijos \u2013 koncertuos ansambliai \u201ePamesta klump\u0117\u201c ir \u201eDimz\u0113ns\u201c. Ger\u0105 nuotaik\u0105 dovanos folkloro ansambliai ir smagios kapelos, o vakarinis vinta\u017einio d\u017eiazo ir svingo grup\u0117s \u201eThe Shwings Band\u201c koncertas pasibaigs \u012fsp\u016bdingomis lazeri\u0173 projekcijomis.<\/p>\n\n\n\n<p>Antroji festivalio diena d\u017eiugins teatro m\u0117g\u0117jus, o finaliniu akordu taps Kauno muzikos ansamblio \u201eAiniai\u201c menin\u0117 programa \u201eM. Petrausko opere\u010di\u0173 ir dain\u0173 kaleidoskopas\u201c.<\/p>\n\n\n\n<p><br><\/p>\n","protected":false},"excerpt":{"rendered":"<p>Rugpj\u016b\u010dio 31 \u2013 rugs\u0117jo 1 d., Pasvalio rajone, Rauboni\u0173 kaime, prie kult\u016bros paveldo objekto vandens mal\u016bno su viln\u0173 kar\u0161ykla-verpykla, organizuojamas devintasis tarptautinis amat\u0173 ir meno festivalis \u201eVilnon\u0117s dienos\u201c. Jo metu didelis d\u0117mesys skiriamas tradicinei kult\u016brai, amatams ir papro\u010diams. Tai ne tik festivalis, bet ir mokymosi bei pa\u017einimo galimyb\u0117, leid\u017eianti v\u0117l pajusti savast\u012f, savo \u0161aknis \u201eFestivalis organizuojamas devint\u0105j\u012f kart\u0105, tad siekiama ne tik puosel\u0117ti vietos tradicijas, skatinti rajono ir regiono gyventoj\u0173 dom\u0117jim\u0105si kra\u0161to istorija ir papro\u010diais, bet ir kasmet \u012fne\u0161ti k\u0105 nors naujo, \u012fdomaus. \u0160iemet festivalis skirtas \u0160imtme\u010dio Dain\u0173 \u0161vent\u0117s nuotaik\u0105 perkelti \u012f Raubonis, ir visiems kartu patirti t\u0105 nuostab\u0173 bendryst\u0117s,&#8230;<\/p>\n","protected":false},"featured_media":1425,"template":"","meta":[],"naujienos-kategorija":[],"translation":{"provider":"WPGlobus","version":"2.10.7","language":"en","enabled_languages":["lt","en"],"languages":{"lt":{"title":true,"content":true,"excerpt":false},"en":{"title":false,"content":false,"excerpt":false}}},"_links":{"self":[{"href":"https:\/\/tic.visitpasvalys.lt\/en\/wp-json\/wp\/v2\/naujienos\/1424"}],"collection":[{"href":"https:\/\/tic.visitpasvalys.lt\/en\/wp-json\/wp\/v2\/naujienos"}],"about":[{"href":"https:\/\/tic.visitpasvalys.lt\/en\/wp-json\/wp\/v2\/types\/naujienos"}],"version-history":[{"count":1,"href":"https:\/\/tic.visitpasvalys.lt\/en\/wp-json\/wp\/v2\/naujienos\/1424\/revisions"}],"predecessor-version":[{"id":1438,"href":"https:\/\/tic.visitpasvalys.lt\/en\/wp-json\/wp\/v2\/naujienos\/1424\/revisions\/1438"}],"wp:featuredmedia":[{"embeddable":true,"href":"https:\/\/tic.visitpasvalys.lt\/en\/wp-json\/wp\/v2\/media\/1425"}],"wp:attachment":[{"href":"https:\/\/tic.visitpasvalys.lt\/en\/wp-json\/wp\/v2\/media?parent=1424"}],"wp:term":[{"taxonomy":"naujienos-kategorija","embeddable":true,"href":"https:\/\/tic.visitpasvalys.lt\/en\/wp-json\/wp\/v2\/naujienos-kategorija?post=1424"}],"curies":[{"name":"wp","href":"https:\/\/api.w.org\/{rel}","templated":true}]}}