{"id":1139,"date":"2024-03-18T16:05:06","date_gmt":"2024-03-18T14:05:06","guid":{"rendered":"https:\/\/tic.visitpasvalys.lt\/?post_type=naujienos&#038;p=1139"},"modified":"2024-03-18T16:05:07","modified_gmt":"2024-03-18T14:05:07","slug":"pasitikime-jubiliejine-dainu-svente-kartu","status":"publish","type":"naujienos","link":"https:\/\/tic.visitpasvalys.lt\/en\/naujienos\/pasitikime-jubiliejine-dainu-svente-kartu\/","title":{"rendered":"Pasitikime jubiliejin\u0119 Dain\u0173 \u0161vent\u0119 kartu!"},"content":{"rendered":"\n<p><strong>Dain\u0173 \u0161vent\u0117s 100-me\u010diui skirta programa! Jau \u0161\u012f tre\u010diadien\u012f, 18 val. Pasvalio kult\u016bros centre.<\/strong><\/p>\n\n\n\n<p><br>Art\u0117jant skambiausiam \u0161imtme\u010dio \u012fvykiui, ansamblis \u201eLietuva\u201c kvie\u010dia prad\u0117ti \u0161v\u0119sti su koncertine programa \u201ePer am\u017eius\u201c. Nes per am\u017eius kei\u010diasi pasaulis, bet ne vertyb\u0117s. Per am\u017eius \u017ealiuoja giria, o lapais skleid\u017eiasi gyvyb\u0117 \u2013 i\u0161 \u017emogaus \u012f \u017emog\u0173, i\u0161 atminties \u2013 \u012f ateit\u012f. Tradicija, kuri toliau mus vienija bei augina per am\u017eius, o nenutr\u016bkstama daina stiprina mus kaip bendruomen\u0119. Dar iki b\u016bsimo renginio kvie\u010diama prisiminti istorij\u0105, prasid\u0117jusi\u0105 1924-aisiais su pirma Dain\u0173 \u0161vente ir skai\u010diuojan\u010di\u0105 100 met\u0173.<br>Teatralizuotas koncertas \u201ePer am\u017eius\u201c \u2013 tarsi pa\u017eintin\u0117 \u012f\u017eanga \u012f b\u016bsim\u0105 jubiliejin\u0119 \u0161vent\u0119 \u201eKad giria \u017ealiuot\u0173\u201c. Vienas pagrindini\u0173 \u0161vent\u0117s dalyvi\u0173 \u2013 ansamblis \u201eLietuva\u201c savo laiku suk\u016br\u0117 did\u017ei\u0105j\u0105 dal\u012f repertuaro. \u010cia dirb\u0119 vadovai, kompozitoriai, choreografai ir baletmeisteriai stat\u0117 pagrindinius \u0161okius ir sudarin\u0117jo muzikines programas, kurias \u012fvair\u016bs kolektyvai atlieka iki \u0161iol. Dain\u0173 \u0161vent\u0117s \u0161imtmetis \u012fkv\u0117p\u0117 naujam muzikiniam projektui, kuris atsinaujinusio ansamblio \u017evilgsniu atskleis ilgamet\u012f tautinio repertuaro lobyn\u0105 \u2013 J. \u0160vedo, J. Lingio, V. Buterlevi\u010diaus, L. Povilai\u010dio ir kit\u0173 garsi\u0173 \u201eLietuvos\u201c k\u016br\u0117j\u0173 darbus.<br>2024-aisiais pasitikime jubiliejin\u0119 Dain\u0173 \u0161vent\u0119 kartu!<\/p>\n\n\n\n<figure class=\"wp-block-video\"><video controls src=\"https:\/\/tic.visitpasvalys.lt\/wp-content\/uploads\/2024\/03\/Per-amzius-anonsas-2.mp4\"><\/video><\/figure>\n","protected":false},"excerpt":{"rendered":"<p>Dain\u0173 \u0161vent\u0117s 100-me\u010diui skirta programa! Jau \u0161\u012f tre\u010diadien\u012f, 18 val. Pasvalio kult\u016bros centre. Art\u0117jant skambiausiam \u0161imtme\u010dio \u012fvykiui, ansamblis \u201eLietuva\u201c kvie\u010dia prad\u0117ti \u0161v\u0119sti su koncertine programa \u201ePer am\u017eius\u201c. Nes per am\u017eius kei\u010diasi pasaulis, bet ne vertyb\u0117s. Per am\u017eius \u017ealiuoja giria, o lapais skleid\u017eiasi gyvyb\u0117 \u2013 i\u0161 \u017emogaus \u012f \u017emog\u0173, i\u0161 atminties \u2013 \u012f ateit\u012f. Tradicija, kuri toliau mus vienija bei augina per am\u017eius, o nenutr\u016bkstama daina stiprina mus kaip bendruomen\u0119. Dar iki b\u016bsimo renginio kvie\u010diama prisiminti istorij\u0105, prasid\u0117jusi\u0105 1924-aisiais su pirma Dain\u0173 \u0161vente ir skai\u010diuojan\u010di\u0105 100 met\u0173.Teatralizuotas koncertas \u201ePer am\u017eius\u201c \u2013 tarsi pa\u017eintin\u0117 \u012f\u017eanga \u012f b\u016bsim\u0105 jubiliejin\u0119 \u0161vent\u0119 \u201eKad giria \u017ealiuot\u0173\u201c&#8230;.<\/p>\n","protected":false},"featured_media":1140,"template":"","meta":[],"naujienos-kategorija":[],"translation":{"provider":"WPGlobus","version":"2.10.7","language":"en","enabled_languages":["lt","en"],"languages":{"lt":{"title":true,"content":true,"excerpt":false},"en":{"title":false,"content":false,"excerpt":false}}},"_links":{"self":[{"href":"https:\/\/tic.visitpasvalys.lt\/en\/wp-json\/wp\/v2\/naujienos\/1139"}],"collection":[{"href":"https:\/\/tic.visitpasvalys.lt\/en\/wp-json\/wp\/v2\/naujienos"}],"about":[{"href":"https:\/\/tic.visitpasvalys.lt\/en\/wp-json\/wp\/v2\/types\/naujienos"}],"version-history":[{"count":2,"href":"https:\/\/tic.visitpasvalys.lt\/en\/wp-json\/wp\/v2\/naujienos\/1139\/revisions"}],"predecessor-version":[{"id":1152,"href":"https:\/\/tic.visitpasvalys.lt\/en\/wp-json\/wp\/v2\/naujienos\/1139\/revisions\/1152"}],"wp:featuredmedia":[{"embeddable":true,"href":"https:\/\/tic.visitpasvalys.lt\/en\/wp-json\/wp\/v2\/media\/1140"}],"wp:attachment":[{"href":"https:\/\/tic.visitpasvalys.lt\/en\/wp-json\/wp\/v2\/media?parent=1139"}],"wp:term":[{"taxonomy":"naujienos-kategorija","embeddable":true,"href":"https:\/\/tic.visitpasvalys.lt\/en\/wp-json\/wp\/v2\/naujienos-kategorija?post=1139"}],"curies":[{"name":"wp","href":"https:\/\/api.w.org\/{rel}","templated":true}]}}